{"id":573,"date":"2023-04-11T15:18:34","date_gmt":"2023-04-11T15:18:34","guid":{"rendered":"http:\/\/alternactiva.co.mz\/?page_id=573"},"modified":"2024-06-13T08:33:05","modified_gmt":"2024-06-13T08:33:05","slug":"alternactiva-accao-pela-emancipacao-social","status":"publish","type":"page","link":"https:\/\/alternactiva.co.mz\/en\/","title":{"rendered":"Alternactiva &#8211; Ac\u00e7\u00e3o pela Emancipa\u00e7\u00e3o Social"},"content":{"rendered":"<div data-elementor-type=\"wp-page\" data-elementor-id=\"573\" class=\"elementor elementor-573\">\n\t\t\t\t\t\t\t\t\t<section class=\"elementor-section elementor-top-section elementor-element elementor-element-43fffab elementor-section-full_width elementor-section-height-default elementor-section-height-default\" data-id=\"43fffab\" data-element_type=\"section\">\n\t\t\t\t\t\t<div class=\"elementor-container elementor-column-gap-default\">\n\t\t\t\t\t<div class=\"elementor-column elementor-col-100 elementor-top-column elementor-element elementor-element-48470aa\" data-id=\"48470aa\" data-element_type=\"column\">\n\t\t\t<div class=\"elementor-widget-wrap elementor-element-populated\">\n\t\t\t\t\t\t\t\t<div class=\"elementor-element elementor-element-d3886a6 elementor-widget elementor-widget-prime-slider-mount\" data-id=\"d3886a6\" data-element_type=\"widget\" id=\"homeslide\" data-widget_type=\"prime-slider-mount.default\">\n\t\t\t\t<div class=\"elementor-widget-container\">\n\t\t\t\t\t<div class=\"bdt-prime-slider\">\n\t\t\t<div class=\"bdt-prime-slider-mount\">\n\t\t\t\t<div data-settings=\"{&quot;id&quot;:&quot;#bdt-d3886a6&quot;,&quot;animation_status&quot;:&quot;no&quot;}\" id=\"bdt-d3886a6\" bdt-slideshow=\"{&quot;animation&quot;:&quot;fade&quot;,&quot;ratio&quot;:&quot;1700:700&quot;,&quot;min-height&quot;:460,&quot;autoplay&quot;:true,&quot;finite&quot;:false,&quot;autoplay-interval&quot;:7000,&quot;pause-on-hover&quot;:false}\" class=\"bdt-position-relative bdt-visible-toggle\">\n\t\t\t\t\t<ul class=\"bdt-slideshow-items\">\n\t\t\n            <li class=\"bdt-slideshow-item bdt-flex bdt-flex-middle elementor-repeater-item-ac36b9f\">\n\n\t\t\t\t\n\t\t<div class=\"bdt-ps-slide-img\" style=\"background-image: url('https:\/\/alternactiva.co.mz\/wp-content\/uploads\/2023\/04\/slide-democracia.webp')\"><\/div>\n\n\t\t\n\t\t\t\t\t\t\t\t\n\t\t\t\t\t\t\t<div class=\"bdt-prime-slider-content\">\n\n\t\t\t\t\n\t\t\t\t\t\t\t\t\t<div class=\"bdt-main-title\">\n\t\t\t\t\t\t<h1 class=\"bdt-title-tag\" data-reveal=\"reveal-active\">\n\t\t\t\t\t\t\t\t\t\t\t\t\t\t\t<a href=\"http:\/\/alternactiva.co.mz\/en\/sobre-a-organizacao\/\">\n\t\t\t\t\t\t\t\t\t\t\t\t\t\t\t\t<span class=\"frist-word\">Promote<\/span> and defend progressive ideals for a society with social justice\t\t\t\t\t\t\t\t\t\t\t\t\t\t\t\t<\/a>\n\t\t\t\t\t\t\t\t\t\t\t\t\t<\/h1>\n\t\t\t\t\t<\/div>\n\t\t\t\t\n\t\t\t<\/div>\n\n        \n            <\/li>\n\n        \n            <li class=\"bdt-slideshow-item bdt-flex bdt-flex-middle elementor-repeater-item-853d035\">\n\n\t\t\t\t\n\t\t<div class=\"bdt-ps-slide-img\" style=\"background-image: url('https:\/\/alternactiva.co.mz\/wp-content\/uploads\/2023\/04\/slide-agricultura.webp')\"><\/div>\n\n\t\t\n\t\t\t\t\t\t\t\t\n\t\t\t\t\t\t\t<div class=\"bdt-prime-slider-content\">\n\n\t\t\t\t\n\t\t\t\t\t\t\t\t\t<div class=\"bdt-main-title\">\n\t\t\t\t\t\t<h1 class=\"bdt-title-tag\" data-reveal=\"reveal-active\">\n\t\t\t\t\t\t\t\t\t\t\t\t\t\t\t<a href=\"http:\/\/alternactiva.co.mz\/en\/sobre-a-organizacao\/\">\n\t\t\t\t\t\t\t\t\t\t\t\t\t\t\t\t<span class=\"frist-word\">Investigation<\/span> participatory and action-oriented\t\t\t\t\t\t\t\t\t\t\t\t\t\t\t\t<\/a>\n\t\t\t\t\t\t\t\t\t\t\t\t\t<\/h1>\n\t\t\t\t\t<\/div>\n\t\t\t\t\n\t\t\t<\/div>\n\n        \n            <\/li>\n\n        \n                <\/ul>\n\n\t\t\t\t\n        \n        \t\t\t\t\n\t\t\t\t<div class=\"bdt-navigation-arrows reveal-muted\">\n\t\t\t<a class=\"bdt-prime-slider-previous\" href=\"#\" bdt-slidenav-previous bdt-slideshow-item=\"previous\"><\/a>\n\t\t\t<a class=\"bdt-prime-slider-next\" href=\"#\" bdt-slidenav-next bdt-slideshow-item=\"next\"><\/a>\n\t\t<\/div>\n\t\t\n\t\t\t\t\t\t\n            <\/div>\n\t\t\t\t\t<\/div>\n\t\t<\/div>\n        \t\t<\/div>\n\t\t\t\t<\/div>\n\t\t\t\t\t<\/div>\n\t\t<\/div>\n\t\t\t\t\t\t\t<\/div>\n\t\t<\/section>\n\t\t\t\t<section class=\"elementor-section elementor-top-section elementor-element elementor-element-8dc53e6 elementor-section-boxed elementor-section-height-default elementor-section-height-default elementor-invisible\" data-id=\"8dc53e6\" data-element_type=\"section\" data-settings=\"{&quot;animation&quot;:&quot;fadeInUp&quot;}\">\n\t\t\t\t\t\t<div class=\"elementor-container elementor-column-gap-default\">\n\t\t\t\t\t<div class=\"elementor-column elementor-col-50 elementor-top-column elementor-element elementor-element-ef840ae\" data-id=\"ef840ae\" data-element_type=\"column\">\n\t\t\t<div class=\"elementor-widget-wrap elementor-element-populated\">\n\t\t\t\t\t\t\t\t<div class=\"elementor-element elementor-element-cbff98e elementor-widget elementor-widget-video\" data-id=\"cbff98e\" data-element_type=\"widget\" data-settings=\"{&quot;youtube_url&quot;:&quot;https:\\\/\\\/youtu.be\\\/BneG67CpJR0&quot;,&quot;video_type&quot;:&quot;youtube&quot;,&quot;controls&quot;:&quot;yes&quot;}\" data-widget_type=\"video.default\">\n\t\t\t\t<div class=\"elementor-widget-container\">\n\t\t\t<style>\/*! elementor - v3.16.0 - 13-09-2023 *\/\n.elementor-widget-video .elementor-widget-container{overflow:hidden;transform:translateZ(0)}.elementor-widget-video .elementor-wrapper{aspect-ratio:var(--video-aspect-ratio)}.elementor-widget-video .elementor-wrapper iframe,.elementor-widget-video .elementor-wrapper video{height:100%;width:100%;display:flex;border:none;background-color:#000}@supports not (aspect-ratio:1\/1){.elementor-widget-video .elementor-wrapper{position:relative;overflow:hidden;height:0;padding-bottom:calc(100% \/ var(--video-aspect-ratio))}.elementor-widget-video .elementor-wrapper iframe,.elementor-widget-video .elementor-wrapper video{position:absolute;top:0;right:0;bottom:0;left:0}}.elementor-widget-video .elementor-open-inline .elementor-custom-embed-image-overlay{position:absolute;top:0;right:0;bottom:0;left:0;background-size:cover;background-position:50%}.elementor-widget-video .elementor-custom-embed-image-overlay{cursor:pointer;text-align:center}.elementor-widget-video .elementor-custom-embed-image-overlay:hover .elementor-custom-embed-play i{opacity:1}.elementor-widget-video .elementor-custom-embed-image-overlay img{display:block;width:100%;aspect-ratio:var(--video-aspect-ratio);-o-object-fit:cover;object-fit:cover;-o-object-position:center center;object-position:center center}@supports not (aspect-ratio:1\/1){.elementor-widget-video .elementor-custom-embed-image-overlay{position:relative;overflow:hidden;height:0;padding-bottom:calc(100% \/ var(--video-aspect-ratio))}.elementor-widget-video .elementor-custom-embed-image-overlay img{position:absolute;top:0;right:0;bottom:0;left:0}}.elementor-widget-video .e-hosted-video .elementor-video{-o-object-fit:cover;object-fit:cover}.e-con-inner>.elementor-widget-video,.e-con>.elementor-widget-video{width:var(--container-widget-width);--flex-grow:var(--container-widget-flex-grow)}<\/style>\t\t<div class=\"elementor-wrapper elementor-open-inline\">\n\t\t\t<div class=\"elementor-video\"><\/div>\t\t<\/div>\n\t\t\t\t<\/div>\n\t\t\t\t<\/div>\n\t\t\t\t\t<\/div>\n\t\t<\/div>\n\t\t\t\t<div class=\"elementor-column elementor-col-50 elementor-top-column elementor-element elementor-element-eff876b\" data-id=\"eff876b\" data-element_type=\"column\">\n\t\t\t<div class=\"elementor-widget-wrap elementor-element-populated\">\n\t\t\t\t\t\t\t\t<div class=\"elementor-element elementor-element-80cac46 elementor-widget elementor-widget-heading\" data-id=\"80cac46\" data-element_type=\"widget\" data-widget_type=\"heading.default\">\n\t\t\t\t<div class=\"elementor-widget-container\">\n\t\t\t<style>\/*! elementor - v3.16.0 - 13-09-2023 *\/\n.elementor-heading-title{padding:0;margin:0;line-height:1}.elementor-widget-heading .elementor-heading-title[class*=elementor-size-]>a{color:inherit;font-size:inherit;line-height:inherit}.elementor-widget-heading .elementor-heading-title.elementor-size-small{font-size:15px}.elementor-widget-heading .elementor-heading-title.elementor-size-medium{font-size:19px}.elementor-widget-heading .elementor-heading-title.elementor-size-large{font-size:29px}.elementor-widget-heading .elementor-heading-title.elementor-size-xl{font-size:39px}.elementor-widget-heading .elementor-heading-title.elementor-size-xxl{font-size:59px}<\/style><h2 class=\"elementor-heading-title elementor-size-default\">About Alternactiva<\/h2>\t\t<\/div>\n\t\t\t\t<\/div>\n\t\t\t\t<div class=\"elementor-element elementor-element-aba7c7b elementor-widget elementor-widget-heading\" data-id=\"aba7c7b\" data-element_type=\"widget\" data-widget_type=\"heading.default\">\n\t\t\t\t<div class=\"elementor-widget-container\">\n\t\t\t<h2 class=\"elementor-heading-title elementor-size-default\">Popular education for social change<\/h2>\t\t<\/div>\n\t\t\t\t<\/div>\n\t\t\t\t<div class=\"elementor-element elementor-element-a36b52b elementor-widget elementor-widget-text-editor\" data-id=\"a36b52b\" data-element_type=\"widget\" data-widget_type=\"text-editor.default\">\n\t\t\t\t<div class=\"elementor-widget-container\">\n\t\t\t<style>\/*! elementor - v3.16.0 - 13-09-2023 *\/\n.elementor-widget-text-editor.elementor-drop-cap-view-stacked .elementor-drop-cap{background-color:#69727d;color:#fff}.elementor-widget-text-editor.elementor-drop-cap-view-framed .elementor-drop-cap{color:#69727d;border:3px solid;background-color:transparent}.elementor-widget-text-editor:not(.elementor-drop-cap-view-default) .elementor-drop-cap{margin-top:8px}.elementor-widget-text-editor:not(.elementor-drop-cap-view-default) .elementor-drop-cap-letter{width:1em;height:1em}.elementor-widget-text-editor .elementor-drop-cap{float:left;text-align:center;line-height:1;font-size:50px}.elementor-widget-text-editor .elementor-drop-cap-letter{display:inline-block}<\/style>\t\t\t\t<p>We are an academic-activist organization, created by a group of Mozambicans with an interest in promoting and defending progressive ideals for a society with social justice. We work closely with popular and strategic grassroots movements and formations in the land, environment, work and gender sectors.<\/p>\t\t\t\t\t\t<\/div>\n\t\t\t\t<\/div>\n\t\t\t\t<div class=\"elementor-element elementor-element-f91eb45 elementor-widget elementor-widget-text-editor\" data-id=\"f91eb45\" data-element_type=\"widget\" id=\"intro\" data-widget_type=\"text-editor.default\">\n\t\t\t\t<div class=\"elementor-widget-container\">\n\t\t\t\t\t\t\t<p><a href=\"http:\/\/alternactiva.co.mz\/en\/sobre-a-organizacao\/\" data-wplink-url-error=\"true\">Learn more about us<\/a><\/p>\t\t\t\t\t\t<\/div>\n\t\t\t\t<\/div>\n\t\t\t\t\t<\/div>\n\t\t<\/div>\n\t\t\t\t\t\t\t<\/div>\n\t\t<\/section>\n\t\t\t\t<section class=\"elementor-section elementor-top-section elementor-element elementor-element-dd19dbb elementor-section-boxed elementor-section-height-default elementor-section-height-default\" data-id=\"dd19dbb\" data-element_type=\"section\" data-settings=\"{&quot;background_background&quot;:&quot;classic&quot;}\">\n\t\t\t\t\t\t<div class=\"elementor-container elementor-column-gap-default\">\n\t\t\t\t\t<div class=\"elementor-column elementor-col-100 elementor-top-column elementor-element elementor-element-ffe6525\" data-id=\"ffe6525\" data-element_type=\"column\">\n\t\t\t<div class=\"elementor-widget-wrap elementor-element-populated\">\n\t\t\t\t\t\t\t\t<div class=\"elementor-element elementor-element-5e77b8e elementor-widget elementor-widget-heading\" data-id=\"5e77b8e\" data-element_type=\"widget\" data-widget_type=\"heading.default\">\n\t\t\t\t<div class=\"elementor-widget-container\">\n\t\t\t<h2 class=\"elementor-heading-title elementor-size-default\">OUR ACTIVITIES<\/h2>\t\t<\/div>\n\t\t\t\t<\/div>\n\t\t\t\t<div class=\"elementor-element elementor-element-d390b9f elementor-widget elementor-widget-heading\" data-id=\"d390b9f\" data-element_type=\"widget\" data-widget_type=\"heading.default\">\n\t\t\t\t<div class=\"elementor-widget-container\">\n\t\t\t<h2 class=\"elementor-heading-title elementor-size-default\">Program Areas<\/h2>\t\t<\/div>\n\t\t\t\t<\/div>\n\t\t\t\t<section class=\"elementor-section elementor-inner-section elementor-element elementor-element-9c8af7d elementor-section-boxed elementor-section-height-default elementor-section-height-default\" data-id=\"9c8af7d\" data-element_type=\"section\">\n\t\t\t\t\t\t<div class=\"elementor-container elementor-column-gap-default\">\n\t\t\t\t\t<div class=\"elementor-column elementor-col-33 elementor-inner-column elementor-element elementor-element-13033ba\" data-id=\"13033ba\" data-element_type=\"column\">\n\t\t\t<div class=\"elementor-widget-wrap elementor-element-populated\">\n\t\t\t\t\t\t\t\t<div class=\"elementor-element elementor-element-6ff4fbc elementor-widget elementor-widget-image\" data-id=\"6ff4fbc\" data-element_type=\"widget\" data-widget_type=\"image.default\">\n\t\t\t\t<div class=\"elementor-widget-container\">\n\t\t\t<style>\/*! elementor - v3.16.0 - 13-09-2023 *\/\n.elementor-widget-image{text-align:center}.elementor-widget-image a{display:inline-block}.elementor-widget-image a img[src$=\".svg\"]{width:48px}.elementor-widget-image img{vertical-align:middle;display:inline-block}<\/style>\t\t\t\t\t\t\t\t\t\t\t\t\t<a href=\"http:\/\/alternactiva.co.mz\/en\/justica-agraria-e-climatica\/\">\n\t\t\t\t\t\t\t<img loading=\"lazy\" decoding=\"async\" width=\"464\" height=\"328\" src=\"https:\/\/alternactiva.co.mz\/wp-content\/uploads\/2023\/06\/pelafloresta-1.jpg\" class=\"attachment-large size-large wp-image-2014\" alt=\"\" srcset=\"https:\/\/alternactiva.co.mz\/wp-content\/uploads\/2023\/06\/pelafloresta-1.jpg 464w, https:\/\/alternactiva.co.mz\/wp-content\/uploads\/2023\/06\/pelafloresta-1-300x212.jpg 300w\" sizes=\"auto, (max-width: 464px) 100vw, 464px\" \/>\t\t\t\t\t\t\t\t<\/a>\n\t\t\t\t\t\t\t\t\t\t\t\t\t\t\t<\/div>\n\t\t\t\t<\/div>\n\t\t\t\t<div class=\"elementor-element elementor-element-2292f4b elementor-widget elementor-widget-heading\" data-id=\"2292f4b\" data-element_type=\"widget\" data-widget_type=\"heading.default\">\n\t\t\t\t<div class=\"elementor-widget-container\">\n\t\t\t<h2 class=\"elementor-heading-title elementor-size-default\">Agrarian and Climate Justice<\/h2>\t\t<\/div>\n\t\t\t\t<\/div>\n\t\t\t\t<div class=\"elementor-element elementor-element-e92b2da elementor-widget elementor-widget-text-editor\" data-id=\"e92b2da\" data-element_type=\"widget\" data-widget_type=\"text-editor.default\">\n\t\t\t\t<div class=\"elementor-widget-container\">\n\t\t\t\t\t\t\t<p>Despite a gradual decline in the share of labor in agriculture, two thirds of the economically active population in Mozambique are family farmers.<\/p>\t\t\t\t\t\t<\/div>\n\t\t\t\t<\/div>\n\t\t\t\t<div class=\"elementor-element elementor-element-14f997c elementor-widget elementor-widget-text-editor\" data-id=\"14f997c\" data-element_type=\"widget\" data-widget_type=\"text-editor.default\">\n\t\t\t\t<div class=\"elementor-widget-container\">\n\t\t\t\t\t\t\t<p><a href=\"http:\/\/alternactiva.co.mz\/en\/justica-agraria-e-climatica\/\" data-wplink-url-error=\"true\">Learn more<\/a><\/p>\t\t\t\t\t\t<\/div>\n\t\t\t\t<\/div>\n\t\t\t\t\t<\/div>\n\t\t<\/div>\n\t\t\t\t<div class=\"elementor-column elementor-col-33 elementor-inner-column elementor-element elementor-element-80be9c7\" data-id=\"80be9c7\" data-element_type=\"column\">\n\t\t\t<div class=\"elementor-widget-wrap elementor-element-populated\">\n\t\t\t\t\t\t\t\t<div class=\"elementor-element elementor-element-b17a5bd elementor-widget elementor-widget-image\" data-id=\"b17a5bd\" data-element_type=\"widget\" data-widget_type=\"image.default\">\n\t\t\t\t<div class=\"elementor-widget-container\">\n\t\t\t\t\t\t\t\t\t\t\t\t\t\t\t\t<a href=\"http:\/\/alternactiva.co.mz\/en\/democracia-e-participacao-cidada\/\">\n\t\t\t\t\t\t\t<img loading=\"lazy\" decoding=\"async\" width=\"464\" height=\"328\" src=\"https:\/\/alternactiva.co.mz\/wp-content\/uploads\/2023\/06\/DEMOCRACIA-HOME.jpg\" class=\"attachment-large size-large wp-image-2015\" alt=\"\" srcset=\"https:\/\/alternactiva.co.mz\/wp-content\/uploads\/2023\/06\/DEMOCRACIA-HOME.jpg 464w, https:\/\/alternactiva.co.mz\/wp-content\/uploads\/2023\/06\/DEMOCRACIA-HOME-300x212.jpg 300w\" sizes=\"auto, (max-width: 464px) 100vw, 464px\" \/>\t\t\t\t\t\t\t\t<\/a>\n\t\t\t\t\t\t\t\t\t\t\t\t\t\t\t<\/div>\n\t\t\t\t<\/div>\n\t\t\t\t<div class=\"elementor-element elementor-element-c59ef9e elementor-widget elementor-widget-heading\" data-id=\"c59ef9e\" data-element_type=\"widget\" data-widget_type=\"heading.default\">\n\t\t\t\t<div class=\"elementor-widget-container\">\n\t\t\t<h2 class=\"elementor-heading-title elementor-size-default\">Democracy and Citizen Participation<\/h2>\t\t<\/div>\n\t\t\t\t<\/div>\n\t\t\t\t<div class=\"elementor-element elementor-element-37cc4e8 elementor-widget elementor-widget-text-editor\" data-id=\"37cc4e8\" data-element_type=\"widget\" data-widget_type=\"text-editor.default\">\n\t\t\t\t<div class=\"elementor-widget-container\">\n\t\t\t\t\t\t\t<p>Citizen participation is a cornerstone of democracy as it aims to ensure that citizens actively participate in the public decision-making process.<\/p>\t\t\t\t\t\t<\/div>\n\t\t\t\t<\/div>\n\t\t\t\t<div class=\"elementor-element elementor-element-4dee657 elementor-widget elementor-widget-text-editor\" data-id=\"4dee657\" data-element_type=\"widget\" data-widget_type=\"text-editor.default\">\n\t\t\t\t<div class=\"elementor-widget-container\">\n\t\t\t\t\t\t\t<p><a href=\"#\">Learn more<\/a><\/p>\t\t\t\t\t\t<\/div>\n\t\t\t\t<\/div>\n\t\t\t\t\t<\/div>\n\t\t<\/div>\n\t\t\t\t<div class=\"elementor-column elementor-col-33 elementor-inner-column elementor-element elementor-element-231c9f6\" data-id=\"231c9f6\" data-element_type=\"column\">\n\t\t\t<div class=\"elementor-widget-wrap elementor-element-populated\">\n\t\t\t\t\t\t\t\t<div class=\"elementor-element elementor-element-71556d1 elementor-widget elementor-widget-image\" data-id=\"71556d1\" data-element_type=\"widget\" data-widget_type=\"image.default\">\n\t\t\t\t<div class=\"elementor-widget-container\">\n\t\t\t\t\t\t\t\t\t\t\t\t\t\t\t\t<a href=\"http:\/\/alternactiva.co.mz\/en\/trabalho-e-proteccao-social\/\">\n\t\t\t\t\t\t\t<img loading=\"lazy\" decoding=\"async\" width=\"464\" height=\"328\" src=\"https:\/\/alternactiva.co.mz\/wp-content\/uploads\/2023\/06\/TRABALHO-HOEM.jpg\" class=\"attachment-large size-large wp-image-2016\" alt=\"\" srcset=\"https:\/\/alternactiva.co.mz\/wp-content\/uploads\/2023\/06\/TRABALHO-HOEM.jpg 464w, https:\/\/alternactiva.co.mz\/wp-content\/uploads\/2023\/06\/TRABALHO-HOEM-300x212.jpg 300w\" sizes=\"auto, (max-width: 464px) 100vw, 464px\" \/>\t\t\t\t\t\t\t\t<\/a>\n\t\t\t\t\t\t\t\t\t\t\t\t\t\t\t<\/div>\n\t\t\t\t<\/div>\n\t\t\t\t<div class=\"elementor-element elementor-element-8c5719b elementor-widget elementor-widget-heading\" data-id=\"8c5719b\" data-element_type=\"widget\" data-widget_type=\"heading.default\">\n\t\t\t\t<div class=\"elementor-widget-container\">\n\t\t\t<h2 class=\"elementor-heading-title elementor-size-default\">Labor and Social Protection<\/h2>\t\t<\/div>\n\t\t\t\t<\/div>\n\t\t\t\t<div class=\"elementor-element elementor-element-176e7fd elementor-widget elementor-widget-text-editor\" data-id=\"176e7fd\" data-element_type=\"widget\" data-widget_type=\"text-editor.default\">\n\t\t\t\t<div class=\"elementor-widget-container\">\n\t\t\t\t\t\t\t<p>Social protection is concerned with preventing, managing and overcoming situations that affect people's well-being, especially in contexts where opportunities for employment and income generation and means of subsistence are limited or non-existent.<\/p>\t\t\t\t\t\t<\/div>\n\t\t\t\t<\/div>\n\t\t\t\t<div class=\"elementor-element elementor-element-3a4f2f4 elementor-widget elementor-widget-text-editor\" data-id=\"3a4f2f4\" data-element_type=\"widget\" data-widget_type=\"text-editor.default\">\n\t\t\t\t<div class=\"elementor-widget-container\">\n\t\t\t\t\t\t\t<p><a href=\"http:\/\/alternactiva.co.mz\/en\/trabalho-e-proteccao-social\/\" data-wplink-url-error=\"true\">Learn more<\/a><\/p>\t\t\t\t\t\t<\/div>\n\t\t\t\t<\/div>\n\t\t\t\t\t<\/div>\n\t\t<\/div>\n\t\t\t\t\t\t\t<\/div>\n\t\t<\/section>\n\t\t\t\t\t<\/div>\n\t\t<\/div>\n\t\t\t\t\t\t\t<\/div>\n\t\t<\/section>\n\t\t\t\t<section class=\"elementor-section elementor-top-section elementor-element elementor-element-8e59184 elementor-section-boxed elementor-section-height-default elementor-section-height-default\" data-id=\"8e59184\" data-element_type=\"section\">\n\t\t\t\t\t\t<div class=\"elementor-container elementor-column-gap-default\">\n\t\t\t\t\t<div class=\"elementor-column elementor-col-100 elementor-top-column elementor-element elementor-element-32194fd\" data-id=\"32194fd\" data-element_type=\"column\">\n\t\t\t<div class=\"elementor-widget-wrap elementor-element-populated\">\n\t\t\t\t\t\t\t\t<div class=\"elementor-element elementor-element-a412f99 elementor-widget elementor-widget-heading\" data-id=\"a412f99\" data-element_type=\"widget\" data-widget_type=\"heading.default\">\n\t\t\t\t<div class=\"elementor-widget-container\">\n\t\t\t<h2 class=\"elementor-heading-title elementor-size-default\">analysis<\/h2>\t\t<\/div>\n\t\t\t\t<\/div>\n\t\t\t\t<div class=\"elementor-element elementor-element-afffc63 bloglist elementor-grid-eael-col-4 elementor-grid-tablet-eael-col-2 elementor-grid-mobile-eael-col-1 elementor-widget elementor-widget-eael-post-grid\" data-id=\"afffc63\" data-element_type=\"widget\" data-settings=\"{&quot;eael_post_grid_columns&quot;:&quot;eael-col-4&quot;,&quot;eael_post_grid_columns_tablet&quot;:&quot;eael-col-2&quot;,&quot;eael_post_grid_columns_mobile&quot;:&quot;eael-col-1&quot;}\" data-widget_type=\"eael-post-grid.default\">\n\t\t\t\t<div class=\"elementor-widget-container\">\n\t\t\t<div id=\"eael-post-grid-afffc63\" class=\"eael-post-grid-container\">\n            <div class=\"eael-post-grid eael-post-appender eael-post-appender-afffc63 eael-post-grid-style-one\" data-layout-mode=\"grid\"><article class=\"eael-grid-post eael-post-grid-column\" data-id=\"3075\">\n        <div class=\"eael-grid-post-holder\">\n            <div class=\"eael-grid-post-holder-inner\"><div class=\"eael-entry-media\"><div class=\"eael-entry-overlay fade-in\"><i class=\"fas fa-plus\" aria-hidden=\"true\"><\/i><a href=\"https:\/\/alternactiva.co.mz\/en\/cheias-em-mocambique-crise-climatica-responsabilidade-global-e-resistencia-local\/\"><\/a><\/div><div class=\"eael-entry-thumbnail eael-image-ratio\">\n                <img loading=\"lazy\" decoding=\"async\" width=\"240\" height=\"300\" src=\"https:\/\/alternactiva.co.mz\/wp-content\/uploads\/2026\/02\/a-240x300.png\" class=\"attachment-medium size-medium wp-image-3076\" alt=\"\" srcset=\"https:\/\/alternactiva.co.mz\/wp-content\/uploads\/2026\/02\/a-240x300.png 240w, https:\/\/alternactiva.co.mz\/wp-content\/uploads\/2026\/02\/a-819x1024.png 819w, https:\/\/alternactiva.co.mz\/wp-content\/uploads\/2026\/02\/a-768x960.png 768w, https:\/\/alternactiva.co.mz\/wp-content\/uploads\/2026\/02\/a-10x12.png 10w, https:\/\/alternactiva.co.mz\/wp-content\/uploads\/2026\/02\/a.png 1080w\" sizes=\"auto, (max-width: 240px) 100vw, 240px\" \/>\n            <\/div>\n        <\/div><div class=\"eael-entry-wrapper\"><header class=\"eael-entry-header\"><h2 class=\"eael-entry-title\"><a\n                        class=\"eael-grid-post-link\"\n                        href=\"https:\/\/alternactiva.co.mz\/en\/cheias-em-mocambique-crise-climatica-responsabilidade-global-e-resistencia-local\/\"\n                        title=\"Cheias em Mo\u00e7ambique: Crise clim\u00e1tica, responsabilidade global e resist\u00eancia local\">Cheias em Mo\u00e7ambique: Crise clim\u00e1tica, responsabilidade global e resist\u00eancia local<\/a><\/h2><\/header><\/div><\/div>\n        <\/div>\n    <\/article><article class=\"eael-grid-post eael-post-grid-column\" data-id=\"3058\">\n        <div class=\"eael-grid-post-holder\">\n            <div class=\"eael-grid-post-holder-inner\"><div class=\"eael-entry-media\"><div class=\"eael-entry-overlay fade-in\"><i class=\"fas fa-plus\" aria-hidden=\"true\"><\/i><a href=\"https:\/\/alternactiva.co.mz\/en\/alternactiva-em-2025\/\"><\/a><\/div><div class=\"eael-entry-thumbnail eael-image-ratio\">\n                <img loading=\"lazy\" decoding=\"async\" width=\"300\" height=\"300\" src=\"https:\/\/alternactiva.co.mz\/wp-content\/uploads\/2025\/12\/Feliz-natal-mensagem-de-natal-branco-instagram-post-300x300.png\" class=\"attachment-medium size-medium wp-image-3059\" alt=\"\" srcset=\"https:\/\/alternactiva.co.mz\/wp-content\/uploads\/2025\/12\/Feliz-natal-mensagem-de-natal-branco-instagram-post-300x300.png 300w, https:\/\/alternactiva.co.mz\/wp-content\/uploads\/2025\/12\/Feliz-natal-mensagem-de-natal-branco-instagram-post-1024x1024.png 1024w, https:\/\/alternactiva.co.mz\/wp-content\/uploads\/2025\/12\/Feliz-natal-mensagem-de-natal-branco-instagram-post-150x150.png 150w, https:\/\/alternactiva.co.mz\/wp-content\/uploads\/2025\/12\/Feliz-natal-mensagem-de-natal-branco-instagram-post-768x768.png 768w, https:\/\/alternactiva.co.mz\/wp-content\/uploads\/2025\/12\/Feliz-natal-mensagem-de-natal-branco-instagram-post-12x12.png 12w, https:\/\/alternactiva.co.mz\/wp-content\/uploads\/2025\/12\/Feliz-natal-mensagem-de-natal-branco-instagram-post.png 1080w\" sizes=\"auto, (max-width: 300px) 100vw, 300px\" \/>\n            <\/div>\n        <\/div><div class=\"eael-entry-wrapper\"><header class=\"eael-entry-header\"><h2 class=\"eael-entry-title\"><a\n                        class=\"eael-grid-post-link\"\n                        href=\"https:\/\/alternactiva.co.mz\/en\/alternactiva-em-2025\/\"\n                        title=\"Alternactiva em 2025\">Alternactiva em 2025<\/a><\/h2><\/header><\/div><\/div>\n        <\/div>\n    <\/article><article class=\"eael-grid-post eael-post-grid-column\" data-id=\"3044\">\n        <div class=\"eael-grid-post-holder\">\n            <div class=\"eael-grid-post-holder-inner\"><div class=\"eael-entry-media\"><div class=\"eael-entry-overlay fade-in\"><i class=\"fas fa-plus\" aria-hidden=\"true\"><\/i><a href=\"https:\/\/alternactiva.co.mz\/en\/resultado-final-do-1-o-concurso-de-escrita-de-ensaios-integrado-no-programa-de-formacao-politica-pan-africanista\/\"><\/a><\/div><div class=\"eael-entry-thumbnail eael-image-ratio\">\n                <img loading=\"lazy\" decoding=\"async\" width=\"300\" height=\"169\" src=\"https:\/\/alternactiva.co.mz\/wp-content\/uploads\/2025\/11\/Resultados-300x169.png\" class=\"attachment-medium size-medium wp-image-3046\" alt=\"\" srcset=\"https:\/\/alternactiva.co.mz\/wp-content\/uploads\/2025\/11\/Resultados-300x169.png 300w, https:\/\/alternactiva.co.mz\/wp-content\/uploads\/2025\/11\/Resultados-1024x576.png 1024w, https:\/\/alternactiva.co.mz\/wp-content\/uploads\/2025\/11\/Resultados-768x432.png 768w, https:\/\/alternactiva.co.mz\/wp-content\/uploads\/2025\/11\/Resultados-18x10.png 18w, https:\/\/alternactiva.co.mz\/wp-content\/uploads\/2025\/11\/Resultados.png 1280w\" sizes=\"auto, (max-width: 300px) 100vw, 300px\" \/>\n            <\/div>\n        <\/div><div class=\"eael-entry-wrapper\"><header class=\"eael-entry-header\"><h2 class=\"eael-entry-title\"><a\n                        class=\"eael-grid-post-link\"\n                        href=\"https:\/\/alternactiva.co.mz\/en\/resultado-final-do-1-o-concurso-de-escrita-de-ensaios-integrado-no-programa-de-formacao-politica-pan-africanista\/\"\n                        title=\"Resultado final do 1.\u00ba Concurso de Escrita de Ensaios, Integrado no Programa de Forma\u00e7\u00e3o Pol\u00edtica Pan-africanista.\">Resultado final do 1.\u00ba Concurso de Escrita de Ensaios, Integrado no Programa de Forma\u00e7\u00e3o Pol\u00edtica Pan-africanista.<\/a><\/h2><\/header><\/div><\/div>\n        <\/div>\n    <\/article><article class=\"eael-grid-post eael-post-grid-column\" data-id=\"2831\">\n        <div class=\"eael-grid-post-holder\">\n            <div class=\"eael-grid-post-holder-inner\"><div class=\"eael-entry-media\"><div class=\"eael-entry-overlay fade-in\"><i class=\"fas fa-plus\" aria-hidden=\"true\"><\/i><a href=\"https:\/\/alternactiva.co.mz\/en\/carta-aberta-aos-jovens-sobre-a-terceira-guerra-mundial\/\"><\/a><\/div><div class=\"eael-entry-thumbnail eael-image-ratio\">\n                <img loading=\"lazy\" decoding=\"async\" width=\"300\" height=\"144\" src=\"https:\/\/alternactiva.co.mz\/wp-content\/uploads\/2024\/06\/Imagem-do-WhatsApp-de-2024-06-28-as-10.46.26_ae52141a-300x144.jpg\" class=\"attachment-medium size-medium wp-image-2834\" alt=\"\" srcset=\"https:\/\/alternactiva.co.mz\/wp-content\/uploads\/2024\/06\/Imagem-do-WhatsApp-de-2024-06-28-as-10.46.26_ae52141a-300x144.jpg 300w, https:\/\/alternactiva.co.mz\/wp-content\/uploads\/2024\/06\/Imagem-do-WhatsApp-de-2024-06-28-as-10.46.26_ae52141a-18x9.jpg 18w, https:\/\/alternactiva.co.mz\/wp-content\/uploads\/2024\/06\/Imagem-do-WhatsApp-de-2024-06-28-as-10.46.26_ae52141a.jpg 500w\" sizes=\"auto, (max-width: 300px) 100vw, 300px\" \/>\n            <\/div>\n        <\/div><div class=\"eael-entry-wrapper\"><header class=\"eael-entry-header\"><h2 class=\"eael-entry-title\"><a\n                        class=\"eael-grid-post-link\"\n                        href=\"https:\/\/alternactiva.co.mz\/en\/carta-aberta-aos-jovens-sobre-a-terceira-guerra-mundial\/\"\n                        title=\"Carta Aberta Aos Jovens Sobre a Terceira Guerra Mundial\">Carta Aberta Aos Jovens Sobre a Terceira Guerra Mundial<\/a><\/h2><\/header><\/div><\/div>\n        <\/div>\n    <\/article><\/div>\n            <div class=\"clearfix\"><\/div>\n        <\/div>            <div class=\"eael-load-more-button-wrap eael-force-hide\">\n                <button class=\"eael-load-more-button\" id=\"eael-load-more-btn-afffc63\" data-widget-id=\"afffc63\" data-widget=\"afffc63\" data-page-id=\"573\" data-template=\"{&quot;dir&quot;:&quot;lite&quot;,&quot;file_name&quot;:&quot;default.php&quot;,&quot;name&quot;:&quot;Post-Grid&quot;}\" data-class=\"Essential_Addons_Elementor\\Elements\\Post_Grid\" data-layout=\"grid\" data-page=\"1\" data-args=\"orderby=date&amp;order=desc&amp;ignore_sticky_posts=1&amp;post_status=publish&amp;posts_per_page=4&amp;offset=0&amp;post_type=post&amp;tax_query%5B0%5D%5Btaxonomy%5D=category&amp;tax_query%5B0%5D%5Bfield%5D=term_id&amp;tax_query%5B0%5D%5Bterms%5D%5B0%5D=6&amp;tax_query%5Brelation%5D=AND\" data-max-page=\"9\">\n                    <span class=\"eael-btn-loader button__loader\"><\/span>\n                    <span class=\"eael_load_more_text\">Load More<\/span>\n                <\/button>\n            <\/div>\n            \t\t<\/div>\n\t\t\t\t<\/div>\n\t\t\t\t\t<\/div>\n\t\t<\/div>\n\t\t\t\t\t\t\t<\/div>\n\t\t<\/section>\n\t\t\t\t<section class=\"elementor-section elementor-top-section elementor-element elementor-element-e97b469 elementor-section-boxed elementor-section-height-default elementor-section-height-default\" data-id=\"e97b469\" data-element_type=\"section\">\n\t\t\t\t\t\t<div class=\"elementor-container elementor-column-gap-default\">\n\t\t\t\t\t<div class=\"elementor-column elementor-col-50 elementor-top-column elementor-element elementor-element-f3099cb\" data-id=\"f3099cb\" data-element_type=\"column\">\n\t\t\t<div class=\"elementor-widget-wrap elementor-element-populated\">\n\t\t\t\t\t\t\t\t<div class=\"elementor-element elementor-element-723326d elementor-widget elementor-widget-heading\" data-id=\"723326d\" data-element_type=\"widget\" data-widget_type=\"heading.default\">\n\t\t\t\t<div class=\"elementor-widget-container\">\n\t\t\t<h2 class=\"elementor-heading-title elementor-size-default\">Opinion<\/h2>\t\t<\/div>\n\t\t\t\t<\/div>\n\t\t\t\t<div class=\"elementor-element elementor-element-a518764 elementor-grid-eael-col-2 bloglist elementor-grid-tablet-eael-col-2 elementor-grid-mobile-eael-col-1 elementor-widget elementor-widget-eael-post-grid\" data-id=\"a518764\" data-element_type=\"widget\" data-settings=\"{&quot;eael_post_grid_columns&quot;:&quot;eael-col-2&quot;,&quot;eael_post_grid_columns_tablet&quot;:&quot;eael-col-2&quot;,&quot;eael_post_grid_columns_mobile&quot;:&quot;eael-col-1&quot;}\" data-widget_type=\"eael-post-grid.default\">\n\t\t\t\t<div class=\"elementor-widget-container\">\n\t\t\t<div id=\"eael-post-grid-a518764\" class=\"eael-post-grid-container\">\n            <div class=\"eael-post-grid eael-post-appender eael-post-appender-a518764 eael-post-grid-style-one\" data-layout-mode=\"grid\"><article class=\"eael-grid-post eael-post-grid-column\" data-id=\"2824\">\n        <div class=\"eael-grid-post-holder\">\n            <div class=\"eael-grid-post-holder-inner\"><div class=\"eael-entry-media\"><div class=\"eael-entry-overlay fade-in\"><i class=\"fas fa-plus\" aria-hidden=\"true\"><\/i><a href=\"https:\/\/alternactiva.co.mz\/en\/quem-deve-assessorar-o-presidente-copy\/\"><\/a><\/div><div class=\"eael-entry-thumbnail eael-image-ratio\">\n                <img loading=\"lazy\" decoding=\"async\" width=\"300\" height=\"300\" src=\"https:\/\/alternactiva.co.mz\/wp-content\/uploads\/2024\/06\/Imagem202406-1-300x300.jpg\" class=\"attachment-medium size-medium wp-image-2809\" alt=\"\" srcset=\"https:\/\/alternactiva.co.mz\/wp-content\/uploads\/2024\/06\/Imagem202406-1-300x300.jpg 300w, https:\/\/alternactiva.co.mz\/wp-content\/uploads\/2024\/06\/Imagem202406-1-1024x1024.jpg 1024w, https:\/\/alternactiva.co.mz\/wp-content\/uploads\/2024\/06\/Imagem202406-1-150x150.jpg 150w, https:\/\/alternactiva.co.mz\/wp-content\/uploads\/2024\/06\/Imagem202406-1-768x768.jpg 768w, https:\/\/alternactiva.co.mz\/wp-content\/uploads\/2024\/06\/Imagem202406-1-1536x1536.jpg 1536w, https:\/\/alternactiva.co.mz\/wp-content\/uploads\/2024\/06\/Imagem202406-1-12x12.jpg 12w, https:\/\/alternactiva.co.mz\/wp-content\/uploads\/2024\/06\/Imagem202406-1.jpg 1920w\" sizes=\"auto, (max-width: 300px) 100vw, 300px\" \/>\n            <\/div>\n        <\/div><div class=\"eael-entry-wrapper\"><header class=\"eael-entry-header\"><h2 class=\"eael-entry-title\"><a\n                        class=\"eael-grid-post-link\"\n                        href=\"https:\/\/alternactiva.co.mz\/en\/quem-deve-assessorar-o-presidente-copy\/\"\n                        title=\"Quem deve assessorar o presidente?\">Quem deve assessorar o presidente?<\/a><\/h2><\/header><\/div><\/div>\n        <\/div>\n    <\/article><article class=\"eael-grid-post eael-post-grid-column\" data-id=\"550\">\n        <div class=\"eael-grid-post-holder\">\n            <div class=\"eael-grid-post-holder-inner\"><div class=\"eael-entry-media\"><div class=\"eael-entry-overlay fade-in\"><i class=\"fas fa-plus\" aria-hidden=\"true\"><\/i><a href=\"https:\/\/alternactiva.co.mz\/en\/o-que-esta-oculto-ou-escondido-ou-nao-declarado-no-nosso-julgamento-viral\/\"><\/a><\/div><div class=\"eael-entry-thumbnail eael-image-ratio\">\n                <img loading=\"lazy\" decoding=\"async\" width=\"300\" height=\"182\" src=\"https:\/\/alternactiva.co.mz\/wp-content\/uploads\/2021\/09\/O-que-esta-oculto-ou-escondido-ou-nao-declarado-no-nosso-julgamento-viral-300x182.jpg\" class=\"attachment-medium size-medium wp-image-1110\" alt=\"\" srcset=\"https:\/\/alternactiva.co.mz\/wp-content\/uploads\/2021\/09\/O-que-esta-oculto-ou-escondido-ou-nao-declarado-no-nosso-julgamento-viral-300x182.jpg 300w, https:\/\/alternactiva.co.mz\/wp-content\/uploads\/2021\/09\/O-que-esta-oculto-ou-escondido-ou-nao-declarado-no-nosso-julgamento-viral-768x465.jpg 768w, https:\/\/alternactiva.co.mz\/wp-content\/uploads\/2021\/09\/O-que-esta-oculto-ou-escondido-ou-nao-declarado-no-nosso-julgamento-viral.jpg 900w\" sizes=\"auto, (max-width: 300px) 100vw, 300px\" \/>\n            <\/div>\n        <\/div><div class=\"eael-entry-wrapper\"><header class=\"eael-entry-header\"><h2 class=\"eael-entry-title\"><a\n                        class=\"eael-grid-post-link\"\n                        href=\"https:\/\/alternactiva.co.mz\/en\/o-que-esta-oculto-ou-escondido-ou-nao-declarado-no-nosso-julgamento-viral\/\"\n                        title=\"What is hidden or concealed or unstated in our viral judgment?\">What is hidden or concealed or unstated in our viral judgment?<\/a><\/h2><\/header><\/div><\/div>\n        <\/div>\n    <\/article><\/div>\n            <div class=\"clearfix\"><\/div>\n        <\/div>            <div class=\"eael-load-more-button-wrap eael-force-hide\">\n                <button class=\"eael-load-more-button\" id=\"eael-load-more-btn-a518764\" data-widget-id=\"a518764\" data-widget=\"a518764\" data-page-id=\"573\" data-template=\"{&quot;dir&quot;:&quot;lite&quot;,&quot;file_name&quot;:&quot;default.php&quot;,&quot;name&quot;:&quot;Post-Grid&quot;}\" data-class=\"Essential_Addons_Elementor\\Elements\\Post_Grid\" data-layout=\"grid\" data-page=\"1\" data-args=\"orderby=date&amp;order=desc&amp;ignore_sticky_posts=1&amp;post_status=publish&amp;posts_per_page=2&amp;offset=0&amp;post_type=post&amp;tax_query%5B0%5D%5Btaxonomy%5D=category&amp;tax_query%5B0%5D%5Bfield%5D=term_id&amp;tax_query%5B0%5D%5Bterms%5D%5B0%5D=3&amp;tax_query%5Brelation%5D=AND\" data-max-page=\"12\">\n                    <span class=\"eael-btn-loader button__loader\"><\/span>\n                    <span class=\"eael_load_more_text\">Load More<\/span>\n                <\/button>\n            <\/div>\n            \t\t<\/div>\n\t\t\t\t<\/div>\n\t\t\t\t\t<\/div>\n\t\t<\/div>\n\t\t\t\t<div class=\"elementor-column elementor-col-50 elementor-top-column elementor-element elementor-element-7924e2b\" data-id=\"7924e2b\" data-element_type=\"column\">\n\t\t\t<div class=\"elementor-widget-wrap elementor-element-populated\">\n\t\t\t\t\t\t\t\t<div class=\"elementor-element elementor-element-81975d1 elementor-widget elementor-widget-heading\" data-id=\"81975d1\" data-element_type=\"widget\" data-widget_type=\"heading.default\">\n\t\t\t\t<div class=\"elementor-widget-container\">\n\t\t\t<h2 class=\"elementor-heading-title elementor-size-default\">International<\/h2>\t\t<\/div>\n\t\t\t\t<\/div>\n\t\t\t\t<div class=\"elementor-element elementor-element-451dd77 elementor-grid-eael-col-2 bloglist elementor-grid-tablet-eael-col-2 elementor-grid-mobile-eael-col-1 elementor-widget elementor-widget-eael-post-grid\" data-id=\"451dd77\" data-element_type=\"widget\" data-settings=\"{&quot;eael_post_grid_columns&quot;:&quot;eael-col-2&quot;,&quot;eael_post_grid_columns_tablet&quot;:&quot;eael-col-2&quot;,&quot;eael_post_grid_columns_mobile&quot;:&quot;eael-col-1&quot;}\" data-widget_type=\"eael-post-grid.default\">\n\t\t\t\t<div class=\"elementor-widget-container\">\n\t\t\t<div id=\"eael-post-grid-451dd77\" class=\"eael-post-grid-container\">\n            <div class=\"eael-post-grid eael-post-appender eael-post-appender-451dd77 eael-post-grid-style-one\" data-layout-mode=\"grid\"><article class=\"eael-grid-post eael-post-grid-column\" data-id=\"286\">\n        <div class=\"eael-grid-post-holder\">\n            <div class=\"eael-grid-post-holder-inner\"><div class=\"eael-entry-media\"><div class=\"eael-entry-overlay fade-in\"><i class=\"fas fa-plus\" aria-hidden=\"true\"><\/i><a href=\"https:\/\/alternactiva.co.mz\/en\/steve-biko-um-sonho-nao-adiado-mas-contaminado\/\"><\/a><\/div><div class=\"eael-entry-thumbnail eael-image-ratio\">\n                <img loading=\"lazy\" decoding=\"async\" width=\"300\" height=\"200\" src=\"https:\/\/alternactiva.co.mz\/wp-content\/uploads\/2019\/09\/Steve-Biko-300x200.jpg\" class=\"attachment-medium size-medium wp-image-287\" alt=\"\" srcset=\"https:\/\/alternactiva.co.mz\/wp-content\/uploads\/2019\/09\/Steve-Biko-300x200.jpg 300w, https:\/\/alternactiva.co.mz\/wp-content\/uploads\/2019\/09\/Steve-Biko-1024x682.jpg 1024w, https:\/\/alternactiva.co.mz\/wp-content\/uploads\/2019\/09\/Steve-Biko-768x511.jpg 768w, https:\/\/alternactiva.co.mz\/wp-content\/uploads\/2019\/09\/Steve-Biko-1536x1023.jpg 1536w, https:\/\/alternactiva.co.mz\/wp-content\/uploads\/2019\/09\/Steve-Biko-2048x1364.jpg 2048w\" sizes=\"auto, (max-width: 300px) 100vw, 300px\" \/>\n            <\/div>\n        <\/div><div class=\"eael-entry-wrapper\"><header class=\"eael-entry-header\"><h2 class=\"eael-entry-title\"><a\n                        class=\"eael-grid-post-link\"\n                        href=\"https:\/\/alternactiva.co.mz\/en\/steve-biko-um-sonho-nao-adiado-mas-contaminado\/\"\n                        title=\"Steve Biko: A dream not deferred, but contaminated\">Steve Biko: A dream not deferred, but contaminated<\/a><\/h2><\/header><\/div><\/div>\n        <\/div>\n    <\/article><article class=\"eael-grid-post eael-post-grid-column\" data-id=\"194\">\n        <div class=\"eael-grid-post-holder\">\n            <div class=\"eael-grid-post-holder-inner\"><div class=\"eael-entry-media\"><div class=\"eael-entry-overlay fade-in\"><i class=\"fas fa-plus\" aria-hidden=\"true\"><\/i><a href=\"https:\/\/alternactiva.co.mz\/en\/cidadaos-mocambicanos-podem-acabar-pagando-a-conta-da-aposentadoria-dinamarquesa\/\"><\/a><\/div><div class=\"eael-entry-thumbnail eael-image-ratio\">\n                <img loading=\"lazy\" decoding=\"async\" width=\"300\" height=\"200\" src=\"https:\/\/alternactiva.co.mz\/wp-content\/uploads\/2019\/01\/DSC3472-300x200.jpg\" class=\"attachment-medium size-medium wp-image-195\" alt=\"\" srcset=\"https:\/\/alternactiva.co.mz\/wp-content\/uploads\/2019\/01\/DSC3472-300x200.jpg 300w, https:\/\/alternactiva.co.mz\/wp-content\/uploads\/2019\/01\/DSC3472-1024x684.jpg 1024w, https:\/\/alternactiva.co.mz\/wp-content\/uploads\/2019\/01\/DSC3472-768x513.jpg 768w, https:\/\/alternactiva.co.mz\/wp-content\/uploads\/2019\/01\/DSC3472-1536x1025.jpg 1536w, https:\/\/alternactiva.co.mz\/wp-content\/uploads\/2019\/01\/DSC3472-2048x1367.jpg 2048w\" sizes=\"auto, (max-width: 300px) 100vw, 300px\" \/>\n            <\/div>\n        <\/div><div class=\"eael-entry-wrapper\"><header class=\"eael-entry-header\"><h2 class=\"eael-entry-title\"><a\n                        class=\"eael-grid-post-link\"\n                        href=\"https:\/\/alternactiva.co.mz\/en\/cidadaos-mocambicanos-podem-acabar-pagando-a-conta-da-aposentadoria-dinamarquesa\/\"\n                        title=\"Mozambican citizens could end up paying the Danish pension bill\">Mozambican citizens could end up paying the Danish pension bill<\/a><\/h2><\/header><\/div><\/div>\n        <\/div>\n    <\/article><\/div>\n            <div class=\"clearfix\"><\/div>\n        <\/div>            <div class=\"eael-load-more-button-wrap eael-force-hide\">\n                <button class=\"eael-load-more-button\" id=\"eael-load-more-btn-451dd77\" data-widget-id=\"451dd77\" data-widget=\"451dd77\" data-page-id=\"573\" data-template=\"{&quot;dir&quot;:&quot;lite&quot;,&quot;file_name&quot;:&quot;default.php&quot;,&quot;name&quot;:&quot;Post-Grid&quot;}\" data-class=\"Essential_Addons_Elementor\\Elements\\Post_Grid\" data-layout=\"grid\" data-page=\"1\" data-args=\"orderby=date&amp;order=desc&amp;ignore_sticky_posts=1&amp;post_status=publish&amp;posts_per_page=2&amp;offset=0&amp;post_type=post&amp;tax_query%5B0%5D%5Btaxonomy%5D=category&amp;tax_query%5B0%5D%5Bfield%5D=term_id&amp;tax_query%5B0%5D%5Bterms%5D%5B0%5D=2&amp;tax_query%5Brelation%5D=AND\" data-max-page=\"2\">\n                    <span class=\"eael-btn-loader button__loader\"><\/span>\n                    <span class=\"eael_load_more_text\">Load More<\/span>\n                <\/button>\n            <\/div>\n            \t\t<\/div>\n\t\t\t\t<\/div>\n\t\t\t\t\t<\/div>\n\t\t<\/div>\n\t\t\t\t\t\t\t<\/div>\n\t\t<\/section>\n\t\t\t\t<section class=\"elementor-section elementor-top-section elementor-element elementor-element-7a46c19 elementor-section-boxed elementor-section-height-default elementor-section-height-default\" data-id=\"7a46c19\" data-element_type=\"section\">\n\t\t\t\t\t\t<div class=\"elementor-container elementor-column-gap-default\">\n\t\t\t\t\t<div class=\"elementor-column elementor-col-100 elementor-top-column elementor-element elementor-element-8a80d03\" data-id=\"8a80d03\" data-element_type=\"column\">\n\t\t\t<div class=\"elementor-widget-wrap elementor-element-populated\">\n\t\t\t\t\t\t\t\t<div class=\"elementor-element elementor-element-3063878 elementor-widget elementor-widget-heading\" data-id=\"3063878\" data-element_type=\"widget\" data-widget_type=\"heading.default\">\n\t\t\t\t<div class=\"elementor-widget-container\">\n\t\t\t<h2 class=\"elementor-heading-title elementor-size-default\">Positioning<\/h2>\t\t<\/div>\n\t\t\t\t<\/div>\n\t\t\t\t<div class=\"elementor-element elementor-element-3db3db0 bloglist elementor-grid-eael-col-4 elementor-grid-tablet-eael-col-2 elementor-grid-mobile-eael-col-1 elementor-widget elementor-widget-eael-post-grid\" data-id=\"3db3db0\" data-element_type=\"widget\" data-settings=\"{&quot;eael_post_grid_columns&quot;:&quot;eael-col-4&quot;,&quot;eael_post_grid_columns_tablet&quot;:&quot;eael-col-2&quot;,&quot;eael_post_grid_columns_mobile&quot;:&quot;eael-col-1&quot;}\" data-widget_type=\"eael-post-grid.default\">\n\t\t\t\t<div class=\"elementor-widget-container\">\n\t\t\t<div id=\"eael-post-grid-3db3db0\" class=\"eael-post-grid-container\">\n            <div class=\"eael-post-grid eael-post-appender eael-post-appender-3db3db0 eael-post-grid-style-one\" data-layout-mode=\"grid\"><article class=\"eael-grid-post eael-post-grid-column\" data-id=\"3071\">\n        <div class=\"eael-grid-post-holder\">\n            <div class=\"eael-grid-post-holder-inner\"><div class=\"eael-entry-wrapper\"><header class=\"eael-entry-header\"><h2 class=\"eael-entry-title\"><a\n                        class=\"eael-grid-post-link\"\n                        href=\"https:\/\/alternactiva.co.mz\/en\/comunicado-de-denuncia\/\"\n                        title=\"COMUNICADO DE DEN\u00daNCIA\">COMUNICADO DE DEN\u00daNCIA<\/a><\/h2><\/header><\/div><\/div>\n        <\/div>\n    <\/article><article class=\"eael-grid-post eael-post-grid-column\" data-id=\"3063\">\n        <div class=\"eael-grid-post-holder\">\n            <div class=\"eael-grid-post-holder-inner\"><div class=\"eael-entry-media\"><div class=\"eael-entry-overlay fade-in\"><i class=\"fas fa-plus\" aria-hidden=\"true\"><\/i><a href=\"https:\/\/alternactiva.co.mz\/en\/solidarity-statement-with-the-people-of-nigeria\/\"><\/a><\/div><div class=\"eael-entry-thumbnail eael-image-ratio\">\n                <img loading=\"lazy\" decoding=\"async\" width=\"300\" height=\"209\" src=\"https:\/\/alternactiva.co.mz\/wp-content\/uploads\/2025\/12\/Comunicado-Alternactiva-_20251230_140247_0001-1-300x209.png\" class=\"attachment-medium size-medium wp-image-3065\" alt=\"\" srcset=\"https:\/\/alternactiva.co.mz\/wp-content\/uploads\/2025\/12\/Comunicado-Alternactiva-_20251230_140247_0001-1-300x209.png 300w, https:\/\/alternactiva.co.mz\/wp-content\/uploads\/2025\/12\/Comunicado-Alternactiva-_20251230_140247_0001-1-1024x715.png 1024w, https:\/\/alternactiva.co.mz\/wp-content\/uploads\/2025\/12\/Comunicado-Alternactiva-_20251230_140247_0001-1-768x536.png 768w, https:\/\/alternactiva.co.mz\/wp-content\/uploads\/2025\/12\/Comunicado-Alternactiva-_20251230_140247_0001-1-18x12.png 18w, https:\/\/alternactiva.co.mz\/wp-content\/uploads\/2025\/12\/Comunicado-Alternactiva-_20251230_140247_0001-1.png 1414w\" sizes=\"auto, (max-width: 300px) 100vw, 300px\" \/>\n            <\/div>\n        <\/div><div class=\"eael-entry-wrapper\"><header class=\"eael-entry-header\"><h2 class=\"eael-entry-title\"><a\n                        class=\"eael-grid-post-link\"\n                        href=\"https:\/\/alternactiva.co.mz\/en\/solidarity-statement-with-the-people-of-nigeria\/\"\n                        title=\"SOLIDARITY STATEMENT WITH THE PEOPLE OF NIGERIA\">SOLIDARITY STATEMENT WITH THE PEOPLE OF NIGERIA<\/a><\/h2><\/header><\/div><\/div>\n        <\/div>\n    <\/article><article class=\"eael-grid-post eael-post-grid-column\" data-id=\"3053\">\n        <div class=\"eael-grid-post-holder\">\n            <div class=\"eael-grid-post-holder-inner\"><div class=\"eael-entry-media\"><div class=\"eael-entry-overlay fade-in\"><i class=\"fas fa-plus\" aria-hidden=\"true\"><\/i><a href=\"https:\/\/alternactiva.co.mz\/en\/resposta-ao-porto-de-maputo-esclarecimentos-e-consideracoes\/\"><\/a><\/div><div class=\"eael-entry-thumbnail eael-image-ratio\">\n                <img loading=\"lazy\" decoding=\"async\" width=\"300\" height=\"92\" src=\"https:\/\/alternactiva.co.mz\/wp-content\/uploads\/2025\/12\/logo-300x92.jpg\" class=\"attachment-medium size-medium wp-image-3055\" alt=\"\" srcset=\"https:\/\/alternactiva.co.mz\/wp-content\/uploads\/2025\/12\/logo-300x92.jpg 300w, https:\/\/alternactiva.co.mz\/wp-content\/uploads\/2025\/12\/logo-1024x313.jpg 1024w, https:\/\/alternactiva.co.mz\/wp-content\/uploads\/2025\/12\/logo-768x235.jpg 768w, https:\/\/alternactiva.co.mz\/wp-content\/uploads\/2025\/12\/logo-18x6.jpg 18w, https:\/\/alternactiva.co.mz\/wp-content\/uploads\/2025\/12\/logo.jpg 1210w\" sizes=\"auto, (max-width: 300px) 100vw, 300px\" \/>\n            <\/div>\n        <\/div><div class=\"eael-entry-wrapper\"><header class=\"eael-entry-header\"><h2 class=\"eael-entry-title\"><a\n                        class=\"eael-grid-post-link\"\n                        href=\"https:\/\/alternactiva.co.mz\/en\/resposta-ao-porto-de-maputo-esclarecimentos-e-consideracoes\/\"\n                        title=\"RESPOSTA AO PORTO DE MAPUTO: Esclarecimentos e Considera\u00e7\u00f5es\">RESPOSTA AO PORTO DE MAPUTO: Esclarecimentos e Considera\u00e7\u00f5es<\/a><\/h2><\/header><\/div><\/div>\n        <\/div>\n    <\/article><article class=\"eael-grid-post eael-post-grid-column\" data-id=\"3050\">\n        <div class=\"eael-grid-post-holder\">\n            <div class=\"eael-grid-post-holder-inner\"><div class=\"eael-entry-media\"><div class=\"eael-entry-overlay fade-in\"><i class=\"fas fa-plus\" aria-hidden=\"true\"><\/i><a href=\"https:\/\/alternactiva.co.mz\/en\/comunicado-de-imprensa-porto-de-maputo-utilizado-para-fornecer-material-belico-letal-a-israel\/\"><\/a><\/div><div class=\"eael-entry-thumbnail eael-image-ratio\">\n                <img loading=\"lazy\" decoding=\"async\" width=\"300\" height=\"245\" src=\"https:\/\/alternactiva.co.mz\/wp-content\/uploads\/2025\/11\/Comunicado2025-300x245.png\" class=\"attachment-medium size-medium wp-image-3051\" alt=\"\" srcset=\"https:\/\/alternactiva.co.mz\/wp-content\/uploads\/2025\/11\/Comunicado2025-300x245.png 300w, https:\/\/alternactiva.co.mz\/wp-content\/uploads\/2025\/11\/Comunicado2025-15x12.png 15w, https:\/\/alternactiva.co.mz\/wp-content\/uploads\/2025\/11\/Comunicado2025.png 592w\" sizes=\"auto, (max-width: 300px) 100vw, 300px\" \/>\n            <\/div>\n        <\/div><div class=\"eael-entry-wrapper\"><header class=\"eael-entry-header\"><h2 class=\"eael-entry-title\"><a\n                        class=\"eael-grid-post-link\"\n                        href=\"https:\/\/alternactiva.co.mz\/en\/comunicado-de-imprensa-porto-de-maputo-utilizado-para-fornecer-material-belico-letal-a-israel\/\"\n                        title=\"COMUNICADO DE IMPRENSA: Porto de Maputo utilizado para fornecer material b\u00e9lico letal a Israel\">COMUNICADO DE IMPRENSA: Porto de Maputo utilizado para fornecer material b\u00e9lico letal a Israel<\/a><\/h2><\/header><\/div><\/div>\n        <\/div>\n    <\/article><\/div>\n            <div class=\"clearfix\"><\/div>\n        <\/div>            <div class=\"eael-load-more-button-wrap eael-force-hide\">\n                <button class=\"eael-load-more-button\" id=\"eael-load-more-btn-3db3db0\" data-widget-id=\"3db3db0\" data-widget=\"3db3db0\" data-page-id=\"573\" data-template=\"{&quot;dir&quot;:&quot;lite&quot;,&quot;file_name&quot;:&quot;default.php&quot;,&quot;name&quot;:&quot;Post-Grid&quot;}\" data-class=\"Essential_Addons_Elementor\\Elements\\Post_Grid\" data-layout=\"grid\" data-page=\"1\" data-args=\"orderby=date&amp;order=desc&amp;ignore_sticky_posts=1&amp;post_status=publish&amp;posts_per_page=4&amp;offset=0&amp;post_type=post&amp;tax_query%5B0%5D%5Btaxonomy%5D=category&amp;tax_query%5B0%5D%5Bfield%5D=term_id&amp;tax_query%5B0%5D%5Bterms%5D%5B0%5D=4&amp;tax_query%5Brelation%5D=AND\" data-max-page=\"7\">\n                    <span class=\"eael-btn-loader button__loader\"><\/span>\n                    <span class=\"eael_load_more_text\">Load More<\/span>\n                <\/button>\n            <\/div>\n            \t\t<\/div>\n\t\t\t\t<\/div>\n\t\t\t\t\t<\/div>\n\t\t<\/div>\n\t\t\t\t\t\t\t<\/div>\n\t\t<\/section>\n\t\t\t\t\t\t\t<\/div>","protected":false},"excerpt":{"rendered":"<p>Promover e defender ideais progressistas por uma sociedade com justi\u00e7a social Investiga\u00e7\u00e3o participativa e orientada para a ac\u00e7\u00e3o Conhe\u00e7a a Alternactiva Educa\u00e7\u00e3o popular para a mudan\u00e7a social Somos uma organiza\u00e7\u00e3o\u00a0 de car\u00e1cter acad\u00e9mico- activista, criada por um grupo de Mo\u00e7ambicanos com interesse em promover e defender ideais progressistas por uma sociedade com justi\u00e7a social. Trabalhamos [&hellip;]<\/p>","protected":false},"author":1,"featured_media":0,"parent":0,"menu_order":0,"comment_status":"closed","ping_status":"closed","template":"","meta":{"footnotes":""},"class_list":["post-573","page","type-page","status-publish","hentry"],"yoast_head":"<!-- This site is optimized with the Yoast SEO plugin v24.0 - https:\/\/yoast.com\/wordpress\/plugins\/seo\/ -->\n<title>Alternactiva - Ac\u00e7\u00e3o pela Emancipa\u00e7\u00e3o Social<\/title>\n<meta name=\"robots\" content=\"index, follow, max-snippet:-1, max-image-preview:large, max-video-preview:-1\" \/>\n<link rel=\"canonical\" href=\"https:\/\/alternactiva.co.mz\/en\/\" \/>\n<meta property=\"og:locale\" content=\"en_GB\" \/>\n<meta property=\"og:type\" content=\"article\" \/>\n<meta property=\"og:title\" content=\"Alternactiva - Ac\u00e7\u00e3o pela Emancipa\u00e7\u00e3o Social\" \/>\n<meta property=\"og:description\" content=\"Promover e defender ideais progressistas por uma sociedade com justi\u00e7a social Investiga\u00e7\u00e3o participativa e orientada para a ac\u00e7\u00e3o Conhe\u00e7a a Alternactiva Educa\u00e7\u00e3o popular para a mudan\u00e7a social Somos uma organiza\u00e7\u00e3o\u00a0 de car\u00e1cter acad\u00e9mico- activista, criada por um grupo de Mo\u00e7ambicanos com interesse em promover e defender ideais progressistas por uma sociedade com justi\u00e7a social. Trabalhamos [&hellip;]\" \/>\n<meta property=\"og:url\" content=\"https:\/\/alternactiva.co.mz\/en\/\" \/>\n<meta property=\"og:site_name\" content=\"Alternactiva\" \/>\n<meta property=\"article:publisher\" content=\"https:\/\/www.facebook.com\/Alternactiva-771376996531249\" \/>\n<meta property=\"article:modified_time\" content=\"2024-06-13T08:33:05+00:00\" \/>\n<meta property=\"og:image\" content=\"http:\/\/alternactiva.co.mz\/wp-content\/uploads\/2023\/06\/pelafloresta-1.jpg\" \/>\n<meta name=\"twitter:card\" content=\"summary_large_image\" \/>\n<meta name=\"twitter:site\" content=\"@AlternactivaMZ\" \/>\n<meta name=\"twitter:label1\" content=\"Estimated reading time\" \/>\n\t<meta name=\"twitter:data1\" content=\"5 minutes\" \/>\n<script type=\"application\/ld+json\" class=\"yoast-schema-graph\">{\"@context\":\"https:\/\/schema.org\",\"@graph\":[{\"@type\":\"WebPage\",\"@id\":\"https:\/\/alternactiva.co.mz\/\",\"url\":\"https:\/\/alternactiva.co.mz\/\",\"name\":\"Alternactiva - Ac\u00e7\u00e3o pela Emancipa\u00e7\u00e3o Social\",\"isPartOf\":{\"@id\":\"https:\/\/alternactiva.co.mz\/#website\"},\"primaryImageOfPage\":{\"@id\":\"https:\/\/alternactiva.co.mz\/#primaryimage\"},\"image\":{\"@id\":\"https:\/\/alternactiva.co.mz\/#primaryimage\"},\"thumbnailUrl\":\"http:\/\/alternactiva.co.mz\/wp-content\/uploads\/2023\/06\/pelafloresta-1.jpg\",\"datePublished\":\"2023-04-11T15:18:34+00:00\",\"dateModified\":\"2024-06-13T08:33:05+00:00\",\"breadcrumb\":{\"@id\":\"https:\/\/alternactiva.co.mz\/#breadcrumb\"},\"inLanguage\":\"en-GB\",\"potentialAction\":[{\"@type\":\"ReadAction\",\"target\":[\"https:\/\/alternactiva.co.mz\/\"]}]},{\"@type\":\"ImageObject\",\"inLanguage\":\"en-GB\",\"@id\":\"https:\/\/alternactiva.co.mz\/#primaryimage\",\"url\":\"http:\/\/alternactiva.co.mz\/wp-content\/uploads\/2023\/06\/pelafloresta-1.jpg\",\"contentUrl\":\"http:\/\/alternactiva.co.mz\/wp-content\/uploads\/2023\/06\/pelafloresta-1.jpg\"},{\"@type\":\"BreadcrumbList\",\"@id\":\"https:\/\/alternactiva.co.mz\/#breadcrumb\",\"itemListElement\":[{\"@type\":\"ListItem\",\"position\":1,\"name\":\"Home\",\"item\":\"https:\/\/alternactiva.co.mz\/\"},{\"@type\":\"ListItem\",\"position\":2,\"name\":\"Alternactiva &#8211; Ac\u00e7\u00e3o pela Emancipa\u00e7\u00e3o Social\"}]},{\"@type\":\"WebSite\",\"@id\":\"https:\/\/alternactiva.co.mz\/#website\",\"url\":\"https:\/\/alternactiva.co.mz\/\",\"name\":\"Alternactiva\",\"description\":\"\",\"publisher\":{\"@id\":\"https:\/\/alternactiva.co.mz\/#organization\"},\"potentialAction\":[{\"@type\":\"SearchAction\",\"target\":{\"@type\":\"EntryPoint\",\"urlTemplate\":\"https:\/\/alternactiva.co.mz\/?s={search_term_string}\"},\"query-input\":{\"@type\":\"PropertyValueSpecification\",\"valueRequired\":true,\"valueName\":\"search_term_string\"}}],\"inLanguage\":\"en-GB\"},{\"@type\":\"Organization\",\"@id\":\"https:\/\/alternactiva.co.mz\/#organization\",\"name\":\"Alternactiva\",\"url\":\"https:\/\/alternactiva.co.mz\/\",\"logo\":{\"@type\":\"ImageObject\",\"inLanguage\":\"en-GB\",\"@id\":\"https:\/\/alternactiva.co.mz\/#\/schema\/logo\/image\/\",\"url\":\"https:\/\/alternactiva.co.mz\/wp-content\/uploads\/2023\/05\/alternactiva-white.png\",\"contentUrl\":\"https:\/\/alternactiva.co.mz\/wp-content\/uploads\/2023\/05\/alternactiva-white.png\",\"width\":300,\"height\":171,\"caption\":\"Alternactiva\"},\"image\":{\"@id\":\"https:\/\/alternactiva.co.mz\/#\/schema\/logo\/image\/\"},\"sameAs\":[\"https:\/\/www.facebook.com\/Alternactiva-771376996531249\",\"https:\/\/x.com\/AlternactivaMZ\",\"https:\/\/www.instagram.com\/alternactivamoz\/\",\"https:\/\/www.youtube.com\/@alternactivaplataforma4685\"]}]}<\/script>\n<!-- \/ Yoast SEO plugin. -->","yoast_head_json":{"title":"Alternactiva - Ac\u00e7\u00e3o pela Emancipa\u00e7\u00e3o Social","robots":{"index":"index","follow":"follow","max-snippet":"max-snippet:-1","max-image-preview":"max-image-preview:large","max-video-preview":"max-video-preview:-1"},"canonical":"https:\/\/alternactiva.co.mz\/en\/","og_locale":"en_GB","og_type":"article","og_title":"Alternactiva - Ac\u00e7\u00e3o pela Emancipa\u00e7\u00e3o Social","og_description":"Promover e defender ideais progressistas por uma sociedade com justi\u00e7a social Investiga\u00e7\u00e3o participativa e orientada para a ac\u00e7\u00e3o Conhe\u00e7a a Alternactiva Educa\u00e7\u00e3o popular para a mudan\u00e7a social Somos uma organiza\u00e7\u00e3o\u00a0 de car\u00e1cter acad\u00e9mico- activista, criada por um grupo de Mo\u00e7ambicanos com interesse em promover e defender ideais progressistas por uma sociedade com justi\u00e7a social. Trabalhamos [&hellip;]","og_url":"https:\/\/alternactiva.co.mz\/en\/","og_site_name":"Alternactiva","article_publisher":"https:\/\/www.facebook.com\/Alternactiva-771376996531249","article_modified_time":"2024-06-13T08:33:05+00:00","og_image":[{"url":"http:\/\/alternactiva.co.mz\/wp-content\/uploads\/2023\/06\/pelafloresta-1.jpg","type":"","width":"","height":""}],"twitter_card":"summary_large_image","twitter_site":"@AlternactivaMZ","twitter_misc":{"Estimated reading time":"5 minutes"},"schema":{"@context":"https:\/\/schema.org","@graph":[{"@type":"WebPage","@id":"https:\/\/alternactiva.co.mz\/","url":"https:\/\/alternactiva.co.mz\/","name":"Alternactiva - Ac\u00e7\u00e3o pela Emancipa\u00e7\u00e3o Social","isPartOf":{"@id":"https:\/\/alternactiva.co.mz\/#website"},"primaryImageOfPage":{"@id":"https:\/\/alternactiva.co.mz\/#primaryimage"},"image":{"@id":"https:\/\/alternactiva.co.mz\/#primaryimage"},"thumbnailUrl":"http:\/\/alternactiva.co.mz\/wp-content\/uploads\/2023\/06\/pelafloresta-1.jpg","datePublished":"2023-04-11T15:18:34+00:00","dateModified":"2024-06-13T08:33:05+00:00","breadcrumb":{"@id":"https:\/\/alternactiva.co.mz\/#breadcrumb"},"inLanguage":"en-GB","potentialAction":[{"@type":"ReadAction","target":["https:\/\/alternactiva.co.mz\/"]}]},{"@type":"ImageObject","inLanguage":"en-GB","@id":"https:\/\/alternactiva.co.mz\/#primaryimage","url":"http:\/\/alternactiva.co.mz\/wp-content\/uploads\/2023\/06\/pelafloresta-1.jpg","contentUrl":"http:\/\/alternactiva.co.mz\/wp-content\/uploads\/2023\/06\/pelafloresta-1.jpg"},{"@type":"BreadcrumbList","@id":"https:\/\/alternactiva.co.mz\/#breadcrumb","itemListElement":[{"@type":"ListItem","position":1,"name":"Home","item":"https:\/\/alternactiva.co.mz\/"},{"@type":"ListItem","position":2,"name":"Alternactiva &#8211; Ac\u00e7\u00e3o pela Emancipa\u00e7\u00e3o Social"}]},{"@type":"WebSite","@id":"https:\/\/alternactiva.co.mz\/#website","url":"https:\/\/alternactiva.co.mz\/","name":"Alternactiva","description":"","publisher":{"@id":"https:\/\/alternactiva.co.mz\/#organization"},"potentialAction":[{"@type":"SearchAction","target":{"@type":"EntryPoint","urlTemplate":"https:\/\/alternactiva.co.mz\/?s={search_term_string}"},"query-input":{"@type":"PropertyValueSpecification","valueRequired":true,"valueName":"search_term_string"}}],"inLanguage":"en-GB"},{"@type":"Organization","@id":"https:\/\/alternactiva.co.mz\/#organization","name":"Alternactiva","url":"https:\/\/alternactiva.co.mz\/","logo":{"@type":"ImageObject","inLanguage":"en-GB","@id":"https:\/\/alternactiva.co.mz\/#\/schema\/logo\/image\/","url":"https:\/\/alternactiva.co.mz\/wp-content\/uploads\/2023\/05\/alternactiva-white.png","contentUrl":"https:\/\/alternactiva.co.mz\/wp-content\/uploads\/2023\/05\/alternactiva-white.png","width":300,"height":171,"caption":"Alternactiva"},"image":{"@id":"https:\/\/alternactiva.co.mz\/#\/schema\/logo\/image\/"},"sameAs":["https:\/\/www.facebook.com\/Alternactiva-771376996531249","https:\/\/x.com\/AlternactivaMZ","https:\/\/www.instagram.com\/alternactivamoz\/","https:\/\/www.youtube.com\/@alternactivaplataforma4685"]}]}},"_links":{"self":[{"href":"https:\/\/alternactiva.co.mz\/en\/wp-json\/wp\/v2\/pages\/573","targetHints":{"allow":["GET"]}}],"collection":[{"href":"https:\/\/alternactiva.co.mz\/en\/wp-json\/wp\/v2\/pages"}],"about":[{"href":"https:\/\/alternactiva.co.mz\/en\/wp-json\/wp\/v2\/types\/page"}],"author":[{"embeddable":true,"href":"https:\/\/alternactiva.co.mz\/en\/wp-json\/wp\/v2\/users\/1"}],"replies":[{"embeddable":true,"href":"https:\/\/alternactiva.co.mz\/en\/wp-json\/wp\/v2\/comments?post=573"}],"version-history":[{"count":340,"href":"https:\/\/alternactiva.co.mz\/en\/wp-json\/wp\/v2\/pages\/573\/revisions"}],"predecessor-version":[{"id":2829,"href":"https:\/\/alternactiva.co.mz\/en\/wp-json\/wp\/v2\/pages\/573\/revisions\/2829"}],"wp:attachment":[{"href":"https:\/\/alternactiva.co.mz\/en\/wp-json\/wp\/v2\/media?parent=573"}],"curies":[{"name":"wp","href":"https:\/\/api.w.org\/{rel}","templated":true}]}}